{"id":1017,"date":"2024-08-27T10:17:03","date_gmt":"2024-08-27T08:17:03","guid":{"rendered":"https:\/\/mauriga.ch\/?page_id=1017"},"modified":"2024-08-28T17:37:17","modified_gmt":"2024-08-28T15:37:17","slug":"nos-services","status":"publish","type":"page","link":"https:\/\/mauriga.ch\/de\/nos-services\/","title":{"rendered":"Nos services"},"content":{"rendered":"<section id=\"marketing\" class=\"wp-block-group container\"><div class=\"wp-block-group__inner-container is-layout-constrained wp-block-group-is-layout-constrained\">\n<div style=\"height:150px\" aria-hidden=\"true\" class=\"wp-block-spacer\"><\/div>\n\n\n\n<h2 class=\"wp-block-heading has-large-font-size\">01 \/ Une strat\u00e9gie marketing personnalis\u00e9e<\/h2>\n\n\n\n<div style=\"height:50px\" aria-hidden=\"true\" class=\"wp-block-spacer\"><\/div>\n\n\n\n<div class=\"wp-block-columns is-layout-flex wp-container-core-columns-is-layout-1 wp-block-columns-is-layout-flex\">\n<div class=\"wp-block-column is-layout-flow wp-block-column-is-layout-flow\">\n<p class=\"has-medium-font-size\"><strong>Analyse de march\u00e9 approfondie<\/strong><\/p>\n\n\n\n<p class=\"has-medium-font-size\">Nous commen\u00e7ons par une \u00e9tude d\u00e9taill\u00e9e du march\u00e9 pour positionner votre bien de mani\u00e8re comp\u00e9titive, en tenant compte des tendances actuelles et des comparaisons avec des biens similaires.<\/p>\n<\/div>\n\n\n\n<div class=\"wp-block-column is-layout-flow wp-block-column-is-layout-flow\">\n<p class=\"has-medium-font-size\"><strong>Segmentation des acheteurs<\/strong><\/p>\n\n\n\n<p class=\"has-medium-font-size\">En identifiant les segments d&rsquo;acheteurs les plus susceptibles de s&rsquo;int\u00e9resser \u00e0 votre bien, nous optimisons la visibilit\u00e9 de votre offre et maximisons son attractivit\u00e9.<\/p>\n<\/div>\n<\/div>\n\n\n\n<div class=\"wp-block-columns is-layout-flex wp-container-core-columns-is-layout-2 wp-block-columns-is-layout-flex\">\n<div class=\"wp-block-column is-layout-flow wp-block-column-is-layout-flow\">\n<p class=\"has-medium-font-size\"><strong>Campagnes cibl\u00e9es<\/strong><\/p>\n\n\n\n<p class=\"has-medium-font-size\">Nous concevons des campagnes marketing, tant digitales que traditionnelles, qui captent l&rsquo;attention des bons acheteurs, au bon moment, en utilisant des canaux sp\u00e9cifiques pour chaque segment.<\/p>\n<\/div>\n\n\n\n<div class=\"wp-block-column is-layout-flow wp-block-column-is-layout-flow\">\n<p class=\"has-medium-font-size\"><strong>Publication et suivi sur les grandes plateformes<\/strong><\/p>\n\n\n\n<p class=\"has-medium-font-size\">Votre annonce est publi\u00e9e sur les plus grandes plateformes de vente immobili\u00e8re en Suisse. Nous assurons un suivi r\u00e9gulier et ajustons nos strat\u00e9gies en fonction des performances pour maximiser vos chances de trouver l&rsquo;acheteur id\u00e9al.<\/p>\n<\/div>\n<\/div>\n<\/div><\/section>\n\n\n\n<div style=\"height:150px\" aria-hidden=\"true\" class=\"wp-block-spacer\"><\/div>\n\n\n\n<hr class=\"wp-block-separator has-alpha-channel-opacity\"\/>\n\n\n\n<section id=\"presentation\" class=\"wp-block-group container\"><div class=\"wp-block-group__inner-container is-layout-constrained wp-block-group-is-layout-constrained\">\n<div style=\"height:150px\" aria-hidden=\"true\" class=\"wp-block-spacer\"><\/div>\n\n\n\n<h2 class=\"wp-block-heading has-large-font-size\">02 \/ Pr\u00e9sentation exceptionnelle du bien<\/h2>\n\n\n\n<div style=\"height:50px\" aria-hidden=\"true\" class=\"wp-block-spacer\"><\/div>\n\n\n\n<div class=\"wp-block-columns is-layout-flex wp-container-core-columns-is-layout-3 wp-block-columns-is-layout-flex\">\n<div class=\"wp-block-column is-layout-flow wp-block-column-is-layout-flow\">\n<p class=\"has-medium-font-size\"><strong>Photographies HD et vid\u00e9os professionnelles<\/strong><\/p>\n\n\n\n<p class=\"has-medium-font-size\">Nous capturons des images et des vid\u00e9os de haute qualit\u00e9, mettant en valeur les atouts uniques de votre bien pour susciter l&rsquo;int\u00e9r\u00eat des acheteurs.<\/p>\n<\/div>\n\n\n\n<div class=\"wp-block-column is-layout-flow wp-block-column-is-layout-flow\">\n<p class=\"has-medium-font-size\"><strong>Optimisation des images avec l&rsquo;intelligence artificielle<\/strong><\/p>\n\n\n\n<p class=\"has-medium-font-size\">Nous employons des technologies d&rsquo;intelligence artificielle pour am\u00e9liorer les images de votre bien, en ajustant la luminosit\u00e9, les couleurs et les perspectives afin de rendre votre propri\u00e9t\u00e9 plus attractive, tout en respectant la r\u00e9alit\u00e9.<\/p>\n<\/div>\n<\/div>\n\n\n\n<div class=\"wp-block-columns is-layout-flex wp-container-core-columns-is-layout-4 wp-block-columns-is-layout-flex\">\n<div class=\"wp-block-column is-layout-flow wp-block-column-is-layout-flow\">\n<p class=\"has-medium-font-size\"><strong>Optimisation des Annonces<\/strong><\/p>\n\n\n\n<p class=\"has-medium-font-size\">Chaque d\u00e9tail compte. Nous r\u00e9digeons des descriptions accrocheuses et optimis\u00e9es pour attirer l&rsquo;attention des acheteurs potentiels et encourager les visites.<\/p>\n<\/div>\n\n\n\n<div class=\"wp-block-column is-layout-flow wp-block-column-is-layout-flow\"><\/div>\n<\/div>\n<\/div><\/section>\n\n\n\n<div style=\"height:150px\" aria-hidden=\"true\" class=\"wp-block-spacer\"><\/div>\n\n\n\n<hr class=\"wp-block-separator has-alpha-channel-opacity\"\/>\n\n\n\n<section id=\"acheteur\" class=\"wp-block-group container\"><div class=\"wp-block-group__inner-container is-layout-constrained wp-block-group-is-layout-constrained\">\n<div style=\"height:150px\" aria-hidden=\"true\" class=\"wp-block-spacer\"><\/div>\n\n\n\n<h2 class=\"wp-block-heading has-large-font-size\">03 \/ <strong>Trouver le bon acheteur<\/strong><\/h2>\n\n\n\n<div style=\"height:50px\" aria-hidden=\"true\" class=\"wp-block-spacer\"><\/div>\n\n\n\n<div class=\"wp-block-columns is-layout-flex wp-container-core-columns-is-layout-5 wp-block-columns-is-layout-flex\">\n<div class=\"wp-block-column is-layout-flow wp-block-column-is-layout-flow\">\n<p class=\"has-medium-font-size\"><strong>Recherche proactive<\/strong><\/p>\n\n\n\n<p class=\"has-medium-font-size\">Gr\u00e2ce \u00e0 notre vaste r\u00e9seau et nos bases de donn\u00e9es, nous identifions et contactons des acheteurs potentiels qualifi\u00e9s, assurant une correspondance parfaite entre votre bien et son futur propri\u00e9taire.<\/p>\n<\/div>\n\n\n\n<div class=\"wp-block-column is-layout-flow wp-block-column-is-layout-flow\">\n<p class=\"has-medium-font-size\"><strong>Filtrage rigoureux<\/strong><\/p>\n\n\n\n<p class=\"has-medium-font-size\">Nous effectuons un filtrage minutieux des candidats pour ne vous pr\u00e9senter que les offres les plus s\u00e9rieuses et pertinentes, garantissant ainsi une transaction efficace et sans tracas.<\/p>\n<\/div>\n<\/div>\n<\/div><\/section>\n\n\n\n<div style=\"height:150px\" aria-hidden=\"true\" class=\"wp-block-spacer\"><\/div>\n\n\n\n<hr class=\"wp-block-separator has-alpha-channel-opacity\"\/>\n\n\n\n<section id=\"referencement\" class=\"wp-block-group container\"><div class=\"wp-block-group__inner-container is-layout-constrained wp-block-group-is-layout-constrained\">\n<div style=\"height:150px\" aria-hidden=\"true\" class=\"wp-block-spacer\"><\/div>\n\n\n\n<h2 class=\"wp-block-heading has-large-font-size\">04 \/ <strong>Programme de r\u00e9f\u00e9rencement : R\u00e9compensez vos recommandations<\/strong><\/h2>\n\n\n\n<div style=\"height:50px\" aria-hidden=\"true\" class=\"wp-block-spacer\"><\/div>\n\n\n\n<div class=\"wp-block-columns is-layout-flex wp-container-core-columns-is-layout-6 wp-block-columns-is-layout-flex\">\n<div class=\"wp-block-column is-layout-flow wp-block-column-is-layout-flow\">\n<p class=\"has-medium-font-size\"><strong>R\u00e9compense en esp\u00e8ces<\/strong><\/p>\n\n\n\n<p class=\"has-medium-font-size\">Pour chaque bien que vous nous r\u00e9f\u00e9rez et que nous vendons, vous recevez une r\u00e9compense de 1000 CHF en esp\u00e8ces, en reconnaissance de votre contribution \u00e0 notre succ\u00e8s.<\/p>\n<\/div>\n\n\n\n<div class=\"wp-block-column is-layout-flow wp-block-column-is-layout-flow\">\n<p class=\"has-medium-font-size\"><strong>Processus simple<\/strong><\/p>\n\n\n\n<p class=\"has-medium-font-size\">Il vous suffit de nous mettre en contact avec le propri\u00e9taire du bien, et nous nous occupons du reste. Nous g\u00e9rons tout, de la premi\u00e8re rencontre \u00e0 la conclusion de la vente.<\/p>\n<\/div>\n<\/div>\n\n\n\n<div class=\"wp-block-columns is-layout-flex wp-container-core-columns-is-layout-7 wp-block-columns-is-layout-flex\">\n<div class=\"wp-block-column is-layout-flow wp-block-column-is-layout-flow\">\n<p class=\"has-medium-font-size\"><strong>Satisfaction garantie<\/strong><\/p>\n\n\n\n<p class=\"has-medium-font-size\">Non seulement vous b\u00e9n\u00e9ficiez de notre expertise pour vendre le bien, mais vous \u00eates \u00e9galement r\u00e9compens\u00e9 pour votre confiance en Mauriga SA. C&rsquo;est notre fa\u00e7on de dire merci.<\/p>\n<\/div>\n\n\n\n<div class=\"wp-block-column is-layout-flow wp-block-column-is-layout-flow\"><\/div>\n<\/div>\n<\/div><\/section>","protected":false},"excerpt":{"rendered":"<p>01 \/ Une strat\u00e9gie marketing personnalis\u00e9e Analyse de march\u00e9 approfondie Nous commen\u00e7ons par une \u00e9tude d\u00e9taill\u00e9e du march\u00e9 pour positionner votre bien de mani\u00e8re comp\u00e9titive, en tenant compte des tendances&#46;&#46;&#46;<\/p>","protected":false},"author":1,"featured_media":0,"parent":0,"menu_order":0,"comment_status":"closed","ping_status":"closed","template":"fullwidth.php","meta":{"inline_featured_image":false,"footnotes":""},"aioseo_notices":[],"_links":{"self":[{"href":"https:\/\/mauriga.ch\/de\/wp-json\/wp\/v2\/pages\/1017"}],"collection":[{"href":"https:\/\/mauriga.ch\/de\/wp-json\/wp\/v2\/pages"}],"about":[{"href":"https:\/\/mauriga.ch\/de\/wp-json\/wp\/v2\/types\/page"}],"author":[{"embeddable":true,"href":"https:\/\/mauriga.ch\/de\/wp-json\/wp\/v2\/users\/1"}],"replies":[{"embeddable":true,"href":"https:\/\/mauriga.ch\/de\/wp-json\/wp\/v2\/comments?post=1017"}],"version-history":[{"count":35,"href":"https:\/\/mauriga.ch\/de\/wp-json\/wp\/v2\/pages\/1017\/revisions"}],"predecessor-version":[{"id":1080,"href":"https:\/\/mauriga.ch\/de\/wp-json\/wp\/v2\/pages\/1017\/revisions\/1080"}],"wp:attachment":[{"href":"https:\/\/mauriga.ch\/de\/wp-json\/wp\/v2\/media?parent=1017"}],"curies":[{"name":"wp","href":"https:\/\/api.w.org\/{rel}","templated":true}]}}